{"id":2829,"date":"2020-07-30T09:36:44","date_gmt":"2020-07-30T09:36:44","guid":{"rendered":"http:\/\/www.stephentaylorarchitects.co.uk\/privacy\/"},"modified":"2022-12-08T12:56:30","modified_gmt":"2022-12-08T12:56:30","slug":"politique-de-confidentialite","status":"publish","type":"page","link":"https:\/\/www.stephentaylorarchitects.co.uk\/fr\/politique-de-confidentialite\/","title":{"rendered":"Politique de confidentialit\u00e9"},"content":{"rendered":"<p><strong>Confidentialit\u00e9<\/strong><\/p>\n<p><em>Stephen Taylor Architects comprend que votre vie priv\u00e9e est importante pour vous et que vous vous souciez de la mani\u00e8re dont vos donn\u00e9es personnelles sont utilis\u00e9es et partag\u00e9es. Nous respectons et appr\u00e9cions la vie priv\u00e9e de toutes les personnes avec lesquelles nous faisons des affaires et avec lesquelles nous sommes en contact. Nous ne collectons et n\u2019utilisons les donn\u00e9es personnelles que de la mani\u00e8re d\u00e9crite dans la pr\u00e9sente politique, et d\u2019une mani\u00e8re conforme \u00e0 nos obligations et \u00e0 vos droits en vertu de la loi.<\/em><\/p>\n<p><em>Veuillez lire attentivement cette politique de confidentialit\u00e9 et vous assurer que vous la comprenez.<\/em><\/p>\n<p><strong>D\u00e9finitions et interpr\u00e9tation<\/strong><\/p>\n<p><em>Dans la pr\u00e9sente politique, les termes suivants s\u2019appliquent :<\/em><\/p>\n<p><em>\u201dDonn\u00e9es personnelles\u201d : toute information qui se rapporte \u00e0 un individu vivant qui peut \u00eatre identifi\u00e9 \u00e0 partir de ces informations.<\/em><\/p>\n<p><em> \u201cTraitement\u201d : toute utilisation des donn\u00e9es, y compris leur collecte, leur stockage, leur modification, leur divulgation ou leur destruction.<\/em><\/p>\n<p><em>\u201cNous\/Nos\/Notre\u201d signifie Stephen Taylor Architects, une soci\u00e9t\u00e9 \u00e0 responsabilit\u00e9 limit\u00e9e en Angleterre dont l\u2019adresse enregistr\u00e9e est 16b North End Road, Golders Green, London, NW11 7PH et l\u2019adresse commerciale principale est 66 Charlotte Road, London, EC2A 3PE.<\/em><\/p>\n<p><strong>Principes<\/strong><\/p>\n<p><em>Nous traitons les donn\u00e9es personnelles conform\u00e9ment aux principes de protection des donn\u00e9es suivants :<\/em><\/p>\n<p><em>nous ne collectons les donn\u00e9es personnelles qu\u2019\u00e0 des fins sp\u00e9cifiques, explicites et l\u00e9gitimes<\/em><\/p>\n<p><em>nous recueillons les donn\u00e9es personnelles uniquement lorsqu\u2019elles sont appropri\u00e9es, pertinentes et limit\u00e9es \u00e0 ce qui est n\u00e9cessaire aux fins du traitement<\/em><\/p>\n<p><em>nous traitons les donn\u00e9es personnelles de mani\u00e8re l\u00e9gale, \u00e9quitable et transparente<\/em><\/p>\n<p><em>nous conservons des donn\u00e9es personnelles exactes et prenons toutes les mesures raisonnables pour veiller \u00e0 ce que les donn\u00e9es personnelles inexactes soient rectifi\u00e9es ou supprim\u00e9es sans d\u00e9lai<\/em><\/p>\n<p><em>nous ne conservons les donn\u00e9es \u00e0 caract\u00e8re personnel que pour la p\u00e9riode n\u00e9cessaire au traitement<\/em><\/p>\n<p><em>nous adoptons des mesures appropri\u00e9es pour garantir que les donn\u00e9es \u00e0 caract\u00e8re personnel sont s\u00e9curis\u00e9es et prot\u00e9g\u00e9es contre tout traitement non autoris\u00e9 ou ill\u00e9gal, ainsi que contre toute perte, destruction ou dommage accidentels.<\/em><\/p>\n<p>&nbsp;<\/p>\n<p><strong>Collecte des donn\u00e9es personnelles<\/strong><\/p>\n<p><em>Nous collecterons des donn\u00e9es \u00e0 caract\u00e8re personnel qui nous aideront \u00e0 faire en sorte que la relation entre nos organisations se d\u00e9roule aussi bien que possible. Ces donn\u00e9es se limitent normalement \u00e0 votre nom, votre adresse professionnelle, votre num\u00e9ro de contact et votre adresse \u00e9lectronique.<\/em><\/p>\n<p>&nbsp;<\/p>\n<p><strong>Comment nous recueillons vos donn\u00e9es personnelles<\/strong><\/p>\n<p><em>Nous recueillons des donn\u00e9es personnelles aupr\u00e8s de vous :<\/em><\/p>\n<p><em>au moyen d\u2019une carte de visite, de courriers \u00e9lectroniques ou postaux que vous nous fournissez,<\/em><\/p>\n<p><em>consultation publique et activit\u00e9s associ\u00e9es,<\/em><\/p>\n<p><em>\u00e0 partir d\u2019autres sources, par exemple au moyen de listes de d\u00e9l\u00e9gu\u00e9s \u00e0 des r\u00e9unions, \u00e9v\u00e9nements et conf\u00e9rences, dans le cadre de nos processus de d\u00e9veloppement commercial et de diligence raisonnable.<\/em><\/p>\n<p>&nbsp;<\/p>\n<p><strong>Comment nous utilisons vos donn\u00e9es personnelles<\/strong><\/p>\n<p><em>Nous pouvons utiliser vos donn\u00e9es si nous le jugeons n\u00e9cessaire \u00e0 des fins l\u00e9gitimes. Voici quelques-unes des fa\u00e7ons dont nous pouvons utiliser et traiter vos donn\u00e9es :<\/em><\/p>\n<p><em>pour nous permettre de remplir nos obligations dans le cadre de tout contrat entre vous et nous<\/em><\/p>\n<p><em>pour nous permettre de respecter nos obligations d\u00e9coulant de tout contrat entre nous et des tiers en ce qui concerne les services que nous vous fournissons<\/em><\/p>\n<p><em>faciliter les processus de facturation<\/em><\/p>\n<p><em>se conformer \u00e0 nos obligations l\u00e9gales<\/em><\/p>\n<p><em>v\u00e9rifier les donn\u00e9es que vous avez fournies<\/em><\/p>\n<p><em>stocker vos donn\u00e9es dans notre base de donn\u00e9es afin que nous puissions vous contacter en cas de besoin<\/em><\/p>\n<p><em>conserver vos coordonn\u00e9es dans notre base de donn\u00e9es afin que nous puissions vous contacter au sujet d&rsquo;\u00e9v\u00e9nements susceptibles de vous int\u00e9resser<\/em><\/p>\n<p>&nbsp;<\/p>\n<p><em>Nous ne conserverons pas vos donn\u00e9es plus longtemps que n\u00e9cessaire. Dans certains cas, nous sommes tenus de conserver vos donn\u00e9es pour nous conformer \u00e0 des questions fiscales, juridiques ou r\u00e9glementaires.<\/em><\/p>\n<p>&nbsp;<\/p>\n<p><strong>Comment nous prot\u00e9geons vos donn\u00e9es personnelles<\/strong><\/p>\n<p><em>Nous prenons au s\u00e9rieux la s\u00e9curit\u00e9 des donn\u00e9es personnelles. Nous avons mis en place des politiques et des contr\u00f4les internes pour prot\u00e9ger les donn\u00e9es personnelles contre la perte, la destruction accidentelle, l\u2019utilisation abusive ou la divulgation, et pour garantir que les donn\u00e9es ne sont pas accessibles, sauf par les employ\u00e9s dans l\u2019exercice correct de leurs fonctions. . Lorsque nous engageons des tiers pour traiter vos donn\u00e9es personnelles en notre nom, ces derniers le font sur la base d\u2019instructions \u00e9crites, sont soumis \u00e0 un devoir de confidentialit\u00e9 et sont tenus de mettre en \u0153uvre des mesures techniques et organisationnelles appropri\u00e9es pour assurer la s\u00e9curit\u00e9 de ces donn\u00e9es.<\/em><\/p>\n<p>&nbsp;<\/p>\n<p><strong>Vos droits<\/strong><\/p>\n<p><em>Sachez que vous disposez des droits suivants en mati\u00e8re de protection des donn\u00e9es :<\/em><\/p>\n<p><em>le droit d\u2019\u00eatre inform\u00e9 des donn\u00e9es personnelles que nous traitons \u00e0 votre sujet<\/em><\/p>\n<p><em>le droit d\u2019acc\u00e8s aux donn\u00e9es personnelles que nous traitons \u00e0 votre sujet<\/em><\/p>\n<p><em>le droit de rectification de vos donn\u00e9es personnelles<\/em><\/p>\n<p><em>le droit d\u2019effacer vos donn\u00e9es personnelles dans certaines circonstances<\/em><\/p>\n<p><em>le droit de restreindre le traitement de vos donn\u00e9es personnelles<\/em><\/p>\n<p><em>le droit \u00e0 la portabilit\u00e9 des donn\u00e9es dans certaines circonstances<\/em><\/p>\n<p><em>le droit de s\u2019opposer au traitement de vos donn\u00e9es \u00e0 caract\u00e8re personnel qui \u00e9tait fond\u00e9 sur une finalit\u00e9 publique ou l\u00e9gitime.<\/em><\/p>\n<p><em>le droit de retirer son consentement \u00e0 tout moment.<\/em><\/p>\n<p>&nbsp;<\/p>\n<p><strong>Nous contacter<\/strong><\/p>\n<p><em>Si vous avez des questions concernant la pr\u00e9sente politique de confidentialit\u00e9 ou si vous souhaitez d\u00e9poser une plainte, veuillez contacter notre contr\u00f4leur de donn\u00e9es, Lucie Regent, \u00e0 l\u2019adresse lucie@stephentaylorarchitects.co.uk.<\/em><\/p>\n<p>&nbsp;<\/p>\n<p><em>Vous avez \u00e9galement le droit de soulever une question aupr\u00e8s du Bureau du Commissaire \u00e0 l\u2019information :<\/em><\/p>\n<p><em>Bureau du commissaire \u00e0 l\u2019information<\/em><\/p>\n<p><em>Wycliffe House<\/em><br \/>\n<em>Water Lane<\/em><br \/>\n<em>Wilmslow<\/em><br \/>\n<em>Cheshire<\/em><br \/>\n<em>SK9 5AF<\/em><br \/>\n<em>Tel: 0044 (0) 303 123 1113<\/em><\/p>\n<p>&nbsp;<\/p>\n","protected":false},"excerpt":{"rendered":"<p>Confidentialit\u00e9 Stephen Taylor Architects comprend que votre vie priv\u00e9e est importante pour vous et que vous vous souciez de la mani\u00e8re dont vos donn\u00e9es personnelles sont utilis\u00e9es et partag\u00e9es. Nous respectons et appr\u00e9cions la vie priv\u00e9e de toutes les personnes avec lesquelles nous faisons des affaires et avec lesquelles nous sommes en contact. Nous ne&#8230;<\/p>\n","protected":false},"author":1,"featured_media":0,"parent":0,"menu_order":0,"comment_status":"closed","ping_status":"closed","template":"","meta":{"footnotes":""},"class_list":["post-2829","page","type-page","status-publish","hentry"],"_links":{"self":[{"href":"https:\/\/www.stephentaylorarchitects.co.uk\/fr\/wp-json\/wp\/v2\/pages\/2829","targetHints":{"allow":["GET"]}}],"collection":[{"href":"https:\/\/www.stephentaylorarchitects.co.uk\/fr\/wp-json\/wp\/v2\/pages"}],"about":[{"href":"https:\/\/www.stephentaylorarchitects.co.uk\/fr\/wp-json\/wp\/v2\/types\/page"}],"author":[{"embeddable":true,"href":"https:\/\/www.stephentaylorarchitects.co.uk\/fr\/wp-json\/wp\/v2\/users\/1"}],"replies":[{"embeddable":true,"href":"https:\/\/www.stephentaylorarchitects.co.uk\/fr\/wp-json\/wp\/v2\/comments?post=2829"}],"version-history":[{"count":3,"href":"https:\/\/www.stephentaylorarchitects.co.uk\/fr\/wp-json\/wp\/v2\/pages\/2829\/revisions"}],"predecessor-version":[{"id":3007,"href":"https:\/\/www.stephentaylorarchitects.co.uk\/fr\/wp-json\/wp\/v2\/pages\/2829\/revisions\/3007"}],"wp:attachment":[{"href":"https:\/\/www.stephentaylorarchitects.co.uk\/fr\/wp-json\/wp\/v2\/media?parent=2829"}],"curies":[{"name":"wp","href":"https:\/\/api.w.org\/{rel}","templated":true}]}}